{"id":98,"date":"2026-07-24T11:14:06","date_gmt":"2026-07-24T09:14:06","guid":{"rendered":"https:\/\/blogsaverroes.micd.es\/atmuntenas\/?page_id=98"},"modified":"2026-08-13T22:16:04","modified_gmt":"2026-08-13T20:16:04","slug":"apuntes-para-teleco","status":"publish","type":"page","link":"https:\/\/blogsaverroes.micd.es\/atmuntenas\/apuntes-para-teleco\/","title":{"rendered":"Apuntes para Teleco"},"content":{"rendered":"<p>Bienvenido a mi repositorio de apuntes que he ido creando mientras estudiaba la Ingenier\u00eda de Tecnolog\u00edas de Telecomunicaciones en la Universidad de Granada.<\/p>\n<p>Si bien es cierto que los publico en mi perfil de Wuolah, aqu\u00ed puedes descargarlo de forma totalmente gratuita y sin anuncios. \u00bfPor qu\u00e9? \u00bfY porqu\u00e9 no?<\/p>\n<p>Estos recursos est\u00e1n pensados para que te acompa\u00f1en en las asignaturas, porque es m\u00e1s que probable que te sientas muy perdido. No busco reemplazar el material que te facilita los docentes a trav\u00e9s de PRADO, pero si darte unas herramientas que te ayuden a llevar tus estudios con mayor facilidad.<\/p>\n<blockquote><p><span style=\"color: #ff0000;\">En rojo se resaltan los recursos de pr\u00f3xima publicaci\u00f3n<\/span>, <span style=\"color: #008000;\">en verde las que est\u00e1n programadas<\/span>. Los objetivos son metas que establezco para poder organizar las tareas en bloques o segmentos.<\/p>\n<p>EJ: Objetivo #04Q3 es el objetivo n\u00famero 4 del trimestre 3.<\/p>\n<p>EJ: Objetivo #01S1 es el objetivo n\u00famero 1 del semestre 1.<\/p><\/blockquote>\n<h2 style=\"text-align: left;\"><strong>PRIMER CURSO<\/strong><\/h2>\n<h3 style=\"text-align: center;\">AN\u00c1LISIS DE CIRCUITOS<\/h3>\n<p><strong>Teor\u00eda de la asignatura<\/strong><\/p>\n<ul>\n<li><a href=\"https:\/\/blogsaverroes.micd.es\/atmuntenas\/wp-content\/uploads\/sites\/2\/2026\/08\/TEMA-1.-Redes-Electricas.-Leyes-de-Kirchhoff.-Elementos-de-Circuito.pdf\">TEMA 1. Redes El\u00e9ctricas. Leyes de Kirchhoff. Elementos de Circuito<\/a><\/li>\n<li><a href=\"https:\/\/blogsaverroes.micd.es\/atmuntenas\/wp-content\/uploads\/sites\/2\/2026\/08\/TEMA-2.-Metodos-de-Analisis-de-Circuitos-Electricos.pdf\">TEMA 2. M\u00e9todos de An\u00e1lisis de Circuitos El\u00e9ctricos<\/a><\/li>\n<li><a href=\"https:\/\/blogsaverroes.micd.es\/atmuntenas\/wp-content\/uploads\/sites\/2\/2026\/07\/TEMA-3.-Elementos-reactivos.-Respuesta-transitoria.pdf\">TEMA 3. Elementos reactivos. Respuesta transitoria<\/a><\/li>\n<li><a href=\"https:\/\/blogsaverroes.micd.es\/atmuntenas\/wp-content\/uploads\/sites\/2\/2026\/07\/TEMA-4.-Regimen-Permanente-Sinusoidal.pdf\">TEMA 4. R\u00e9gimen Permanente Sinusoidal<\/a><\/li>\n<li><a href=\"https:\/\/blogsaverroes.micd.es\/atmuntenas\/wp-content\/uploads\/sites\/2\/2026\/07\/TEMA-5.-Cuadripolos.pdf\">TEMA 5. Cuadripolos<\/a><\/li>\n<li><span style=\"color: #ff0000;\">TEMA 6. An\u00e1lisis de Circuitos basado en la Transformada de Laplace (pr\u00f3ximamente)<\/span><\/li>\n<\/ul>\n<p>Estos apuntes han sido elaborados partiendo de las diapositivas ofrecidas por los docentes y la obra de <em>Fundamentos de Circuitos El\u00e9ctricos (S\u00e9ptima Edici\u00f3n)<\/em> de <em>Alexander<\/em> y <em>Sadiku<\/em>.<\/p>\n<p><strong>Ejercicios resueltos<\/strong><\/p>\n<ul>\n<li><a href=\"https:\/\/blogsaverroes.micd.es\/atmuntenas\/wp-content\/uploads\/sites\/2\/2026\/07\/AC-Relacion-Nro-1-Resuelta.pdf\">Relaci\u00f3n Nro 1 Resuelta<\/a><\/li>\n<li><a href=\"https:\/\/blogsaverroes.micd.es\/atmuntenas\/wp-content\/uploads\/sites\/2\/2026\/07\/AC-Relacion-Nro-2-Resuelta.pdf\">Relaci\u00f3n Nro 2 Resuelta<\/a><\/li>\n<li><span style=\"color: #008000;\">Relaci\u00f3n Nro 3 Resuelta (Objetivo #04Q3 2026)<\/span><\/li>\n<li><span style=\"color: #008000;\">Relaci\u00f3n Nro 4 Resuelta (Objetivo #04Q3 2026)<\/span><\/li>\n<li><span style=\"color: #008000;\">Relaci\u00f3n Nro 5 Resuelta (Objetivo #04Q3 2026)<\/span><\/li>\n<li><span style=\"color: #008000;\">Relaci\u00f3n Nro 6 Resuelta (Objetivo #04Q3 2026)<\/span><\/li>\n<\/ul>\n<h3 style=\"text-align: center;\">INGENIER\u00cdA, EMPRESA Y SOCIEDAD<\/h3>\n<p><strong>Teor\u00eda de la parte de Empresa<\/strong><\/p>\n<p>Los siguientes documentos (v2.0) son reediciones de los primeros apuntes que publiqu\u00e9. Se han corregido numerosas erratas y errores conceptuales.<\/p>\n<ul>\n<li><a href=\"https:\/\/blogsaverroes.micd.es\/atmuntenas\/wp-content\/uploads\/sites\/2\/2026\/08\/Tema-1.-Organizaciones-y-empresas.pdf\">Tema 1. Organizaciones y empresas<\/a><\/li>\n<li><a href=\"https:\/\/blogsaverroes.micd.es\/atmuntenas\/wp-content\/uploads\/sites\/2\/2026\/08\/Tema-2.-Las-decisiones-empresariales.pdf\">Tema 2. Las decisiones empresariales<\/a><\/li>\n<li><a href=\"https:\/\/blogsaverroes.micd.es\/atmuntenas\/wp-content\/uploads\/sites\/2\/2026\/08\/Tema-3.-El-patrimonio-empresarial-y-el-beneficio.pdf\">Tema 3. El patrimonio empresarial y el beneficio<\/a><\/li>\n<li><a href=\"https:\/\/blogsaverroes.micd.es\/atmuntenas\/wp-content\/uploads\/sites\/2\/2026\/08\/Tema-4.-Introduccion-al-Analisis-de-Inversiones.pdf\">Tema 4. Introducci\u00f3n al An\u00e1lisis de Inversiones<\/a><\/li>\n<li><a href=\"https:\/\/blogsaverroes.micd.es\/atmuntenas\/wp-content\/uploads\/sites\/2\/2026\/08\/Anexo-I.-La-prima-de-emision-de-acciones.pdf\">Anexo I. La prima de emisi\u00f3n de acciones<\/a><\/li>\n<li><a href=\"https:\/\/blogsaverroes.micd.es\/atmuntenas\/wp-content\/uploads\/sites\/2\/2026\/08\/Anexo-II.-La-amortizacion-tecnica-del-inmovilizado.pdf\">Anexo II. La amortizaci\u00f3n t\u00e9cnica del inmovilizado<\/a><\/li>\n<li><a href=\"https:\/\/blogsaverroes.micd.es\/atmuntenas\/wp-content\/uploads\/sites\/2\/2026\/08\/Anexo-III.-Punto-muerto-o-umbral-de-rentabilidad.pdf\">Anexo III. Punto muerto o umbral de rentabilidad<\/a><\/li>\n<li><a href=\"https:\/\/blogsaverroes.micd.es\/atmuntenas\/wp-content\/uploads\/sites\/2\/2026\/08\/Anexo-V.-Matematicas-financieras.pdf\">Anexo V. Matem\u00e1ticas financieras<\/a><\/li>\n<\/ul>\n<p>Estos apuntes han sido elaborados a partir del libro recomendado en la bibliograf\u00eda de la asignatura: <em>Econom\u00eda de la Empresa \u2013 Conceptos B\u00e1sicos <\/em>de<br \/>\n<em>Eulogio Cord\u00f3n Pozo<\/em>,<em> Enrique A. Rubio L\u00f3pez, Vera Ferr\u00f3n V\u00edlchez y Angel Luis Agote Mart\u00edn<\/em>.<\/p>\n<h3 style=\"text-align: center;\">FUNDAMENTOS DE INFORM\u00c1TICA<\/h3>\n<p><strong>Teor\u00eda de la asignatura<\/strong><\/p>\n<p>Los siguientes documentos (v2.0) son reediciones de los primeros apuntes que publiqu\u00e9:<\/p>\n<ul>\n<li><a href=\"https:\/\/blogsaverroes.micd.es\/atmuntenas\/wp-content\/uploads\/sites\/2\/2026\/08\/Tema-1.-Introduccion.pdf\">Tema 1. Introducci\u00f3n<\/a><\/li>\n<li><a href=\"https:\/\/blogsaverroes.micd.es\/atmuntenas\/wp-content\/uploads\/sites\/2\/2026\/08\/Tema-2.-Representacion-de-la-informacion-en-computadores.pdf\">Tema 2. Representaci\u00f3n de la informaci\u00f3n en computadores<\/a><\/li>\n<li><span style=\"color: #008000;\">Tema 3 (Parte 1). Estructura de computadores y CODE 2 (Objetivo #03Q3 2026)<\/span><\/li>\n<li><span style=\"color: #008000;\">Tema 3\u00a0 (Parte 2). Sistemas de memorias (Objetivo #03Q3 2026)<\/span><\/li>\n<li><span style=\"color: #008000;\">Tema 4. Bases de datos (Objetivo #03Q3 2026)<\/span><\/li>\n<li><span style=\"color: #008000;\">Tema 5. Sistemas operativos (Objetivo #03Q3 2026)<\/span><\/li>\n<\/ul>\n<p>Por transparencia, los apuntes originales que fueron distribuidas siguen disponibles para su descarga a continuaci\u00f3n. Cabe destacar que faltan los res\u00famenes de los temas 4 (bases de datos) y 5 (sistemas operativos), no llegu\u00e9 a hacerlos. Estos apuntes son manuscritos:<\/p>\n<ul>\n<li><a href=\"https:\/\/blogsaverroes.micd.es\/atmuntenas\/wp-content\/uploads\/sites\/2\/2026\/07\/Tema-1.-Introduccion.pdf\">Tema 1. Introduccion<\/a><\/li>\n<li><a href=\"https:\/\/blogsaverroes.micd.es\/atmuntenas\/wp-content\/uploads\/sites\/2\/2026\/07\/Tema-2.-Representacion-de-la-informacion-en-computadores.pdf\">Tema 2. Representacion de la informacion en computadores<\/a><\/li>\n<li><a href=\"https:\/\/blogsaverroes.micd.es\/atmuntenas\/wp-content\/uploads\/sites\/2\/2026\/07\/Tema-3-parte-1.-Estructura-de-computadores-y-CODE-2.pdf\">Tema 3 (parte 1). Estructura de computadores y CODE 2<\/a><\/li>\n<li><a href=\"https:\/\/blogsaverroes.micd.es\/atmuntenas\/wp-content\/uploads\/sites\/2\/2026\/07\/Tema-3-parte-2.-Sistemas-de-memorias.pdf\">Tema 3 (parte 2). Sistemas de memorias<\/a><\/li>\n<\/ul>\n<p>Estos apuntes han sido elaborados a partir de\u00a0<em>Introducci\u00f3n a la Inform\u00e1tica\u00a0<\/em>de\u00a0<em>Alberto Prieto Espinosa<\/em> con\u00a0<em>Antonio Lloris Ruiz\u00a0<\/em>y\u00a0<em>Juan Carlos Torres Cantero<\/em>. La equivalencia de los temas de la asignatura con el libro de texto recomendado en la bibliograf\u00eda viene detallado en el siguiente documento:\u00a0<a href=\"https:\/\/blogsaverroes.micd.es\/atmuntenas\/wp-content\/uploads\/sites\/2\/2026\/07\/RELACION-PRESENTACIONES-DE-POWERPOINT-CON-INTRODUCCION-A-LA-INFORMATICA-ALBERTO-PRIETO-ESPINOSA-ANTONIO-LLORIS-RUIZ-JUAN-CARLOS-TORRES-CANTERO.pdf\">RELACION PRESENTACIONES DE POWERPOINT CON INTRODUCCION A LA INFORMATICA ALBERTO PRIETO ESPINOSA ANTONIO LLORIS RUIZ JUAN CARLOS TORRES CANTERO<\/a>.<\/p>\n<h3 style=\"text-align: center;\">FUNDAMENTOS F\u00cdSICOS DE LA INGENIER\u00cdA<\/h3>\n<p><strong>Teor\u00eda de la asignatura<\/strong><\/p>\n<p><span style=\"color: #008000;\">Est\u00e1 pendiente la reedici\u00f3n de los apuntes (Objetivo #05Q3 2026)<\/span><\/p>\n<ul>\n<li><a href=\"https:\/\/blogsaverroes.micd.es\/atmuntenas\/wp-content\/uploads\/sites\/2\/2026\/08\/TEMA-1.-MECANICA-v3.0.pdf\">TEMA 1. MEC\u00c1NICA (v3.0)<\/a><\/li>\n<li><a href=\"https:\/\/blogsaverroes.micd.es\/atmuntenas\/wp-content\/uploads\/sites\/2\/2026\/08\/TEMA-2.-OSCILACIONES-Y-ONDAS-v4.0.pdf\">TEMA 2. OSCILACIONES Y ONDAS (v4.0)<\/a><\/li>\n<li><a href=\"https:\/\/blogsaverroes.micd.es\/atmuntenas\/wp-content\/uploads\/sites\/2\/2026\/08\/TEMA-4.-CAMPO-ELECTROSTATICO-v2.0-ANEXO-AL-FINAL-DE-LA-PARTE-DE-DISCOS.pdf\">TEMA 4. CAMPO ELECTROST\u00c1TICO (v2.0)<\/a><\/li>\n<li><a href=\"https:\/\/blogsaverroes.micd.es\/atmuntenas\/wp-content\/uploads\/sites\/2\/2026\/08\/TEMA-5.-CORRIENTE-ELECTRICA-v2.0.pdf\">TEMA 5. CORRIENTE EL\u00c9CTRICA (v2.0)<\/a><\/li>\n<li><a href=\"https:\/\/blogsaverroes.micd.es\/atmuntenas\/wp-content\/uploads\/sites\/2\/2026\/08\/TEMA-6.-CAMPO-MAGNETICO-v1.0.pdf\">TEMA 6. CAMPO MAGN\u00c9TICO (v1.0)<\/a><\/li>\n<\/ul>\n<p>El Tema 3 (Termodin\u00e1mica) no lo vimos en mi curso.<\/p>\n<p><strong>Ejercicios<\/strong><\/p>\n<p><span style=\"color: #008000;\">Est\u00e1n pendiente por hacer los ejercicios de los temas 1, 2 y 5, que forman parte del objetivo #03Q3 del a\u00f1o 2027.<\/span><\/p>\n<ul>\n<li><a href=\"https:\/\/blogsaverroes.micd.es\/atmuntenas\/wp-content\/uploads\/sites\/2\/2026\/08\/EJERCICIOS-TEMA-4-CAMPO-ELECTROSTATICO-v1.0.pdf\">EJERCICIOS TEMA 4 &#8211; CAMPO ELECTROST\u00c1TICO (v1.0)<\/a><\/li>\n<li><a href=\"https:\/\/blogsaverroes.micd.es\/atmuntenas\/wp-content\/uploads\/sites\/2\/2026\/08\/EJERCICIOS-TEMA-6-CAMPO-MAGNETICO-v1.0.pdf\">EJERCICIOS TEMA 6 &#8211; CAMPO MAGN\u00c9TICO (v1.0)<\/a><\/li>\n<\/ul>\n<h3 style=\"text-align: center;\">COMPONENTES Y CIRCUITOS ELECTR\u00d3NICOS<\/h3>\n<p><span style=\"color: #008000;\">Queda pendiente realizar los ejercicios y apuntes de la asignatura, forman parte del objetivo #01Q3 y #02Q3 del a\u00f1o 2027.<\/span><\/p>\n<p><strong>Informes de laboratorio de las pr\u00e1cticas del curso 2024 &#8211; 2025<\/strong><\/p>\n<p>Realmente no s\u00e9 si los docentes cambian mucho las pr\u00e1cticas de un curso para otro. No obstante, las comparto para que puedas hacerte una idea de c\u00f3mo dise\u00f1ar y presentar los informes.<\/p>\n<ul>\n<li><a href=\"https:\/\/blogsaverroes.micd.es\/atmuntenas\/wp-content\/uploads\/sites\/2\/2026\/08\/Practica-1.-Estudio-y-modelado-del-comportamiento-en-frecuencia-de-un-inductor.pdf\">Pr\u00e1ctica 1. Estudio y modelado del comportamiento en frecuencia de un inductor<\/a><\/li>\n<li><a href=\"https:\/\/blogsaverroes.micd.es\/atmuntenas\/wp-content\/uploads\/sites\/2\/2026\/08\/Practica-2.-Diodos.-Medida-de-la-caracteri\u0301stica-I\u2013V-y-aplicaciones.pdf\">Pr\u00e1ctica 2. Diodos. Medida de la caracter\u00edstica I\u2013V y aplicaciones<\/a><\/li>\n<li><a href=\"https:\/\/blogsaverroes.micd.es\/atmuntenas\/wp-content\/uploads\/sites\/2\/2026\/08\/Practica-4.-Transistor-MOSFET.-Medida-de-la-caracteristica-estatica.pdf\">Pr\u00e1ctica 4. Transistor MOSFET. Medida de la caracter\u00edstica est\u00e1tica<\/a><\/li>\n<\/ul>\n<p>Para la tercera pr\u00e1ctica no tuvimos que realizar informe de laboratorio.<\/p>\n<h3 style=\"text-align: center;\">SISTEMAS LINEALES<\/h3>\n<p><strong>Ejercicios de la asignatura<\/strong><\/p>\n<ul>\n<li><a href=\"https:\/\/blogsaverroes.micd.es\/atmuntenas\/wp-content\/uploads\/sites\/2\/2026\/08\/EJERCICIOS-TEMA-1-SENALES-Y-SISTEMAS-v1.0.pdf\">EJERCICIOS TEMA 1 &#8211; SE\u00d1ALES Y SISTEMAS (v1.0)<\/a><\/li>\n<li><a href=\"https:\/\/blogsaverroes.micd.es\/atmuntenas\/wp-content\/uploads\/sites\/2\/2026\/08\/EJERCICIOS-TEMA-2-ANALISIS-ESPECTRAL-DE-SENALES-v2.0.pdf\">EJERCICIOS TEMA 2 &#8211; AN\u00c1LISIS ESPECTRAL DE SE\u00d1ALES (v2.0)<\/a><\/li>\n<li><a href=\"https:\/\/blogsaverroes.micd.es\/atmuntenas\/wp-content\/uploads\/sites\/2\/2026\/08\/EJERCICIOS-TEMA-3-SISTEMAS-LINEALES-EN-EL-DOMINIO-TRANSFORMADO-v2.0.pdf\">EJERCICIOS TEMA 3 &#8211; SISTEMAS LINEALES EN EL DOMINIO TRANSFORMADO (v2.0)<\/a><\/li>\n<li><a href=\"https:\/\/blogsaverroes.micd.es\/atmuntenas\/wp-content\/uploads\/sites\/2\/2026\/08\/EJERCICIOS-TEMA-5-SISTEMAS-LINEALES-EN-EL-DOMINIO-DEL-TIEMPO-v1.0.pdf\">EJERCICIOS TEMA 5 &#8211; SISTEMAS LINEALES EN EL DOMINIO DEL TIEMPO (v1.0)<\/a><\/li>\n<\/ul>\n<h2><strong>SEGUNDO CURSO<\/strong><\/h2>\n<h3 style=\"text-align: center;\">FUNDAMENTOS DE PROGRAMACI\u00d3N<\/h3>\n<p>Los profesores ofrecen unos apuntes muy buenos, as\u00ed que no tendr\u00e1s problemas para avanzar en la asignatura. En la Forja tengo cargado los ejercicios que hice (curso 25-26): <a href=\"https:\/\/git.micd.es\/atmuntenas\/fp-etsiit\">https:\/\/git.micd.es\/atmuntenas\/fp-etsiit<\/a>.<\/p>\n<h3 style=\"text-align: center;\">TRANSMISI\u00d3N DE ONDAS<\/h3>\n<p><strong>Teor\u00eda de la asignatura<\/strong><\/p>\n<p>Estos apuntes son m\u00e1s extensos que los otros, sirven como gu\u00eda y orientaci\u00f3n en la asignatura, puesto que es de las m\u00e1s complicadas del grado (o eso dicen).<\/p>\n<ul>\n<li><span style=\"color: #008000;\">Cap\u00edtulo 1. Herramientas Matem\u00e1ticas B\u00e1sicas para T.O. (Objetivo #06Q3 2026)<\/span><\/li>\n<li><a href=\"https:\/\/blogsaverroes.micd.es\/atmuntenas\/wp-content\/uploads\/sites\/2\/2026\/07\/Capitulo-2.-Ecuaciones-de-Maxwell.pdf\">Cap\u00edtulo 2. Ecuaciones de Maxwell<\/a><\/li>\n<li><a href=\"https:\/\/blogsaverroes.micd.es\/atmuntenas\/wp-content\/uploads\/sites\/2\/2026\/07\/Capitulo-3.-Ondas-Planas.pdf\">Cap\u00edtulo 3. Ondas Planas<\/a><\/li>\n<li><a href=\"https:\/\/blogsaverroes.micd.es\/atmuntenas\/wp-content\/uploads\/sites\/2\/2026\/07\/Capitulo-4.-Lineas-de-Transmision.pdf\">Cap\u00edtulo 4. L\u00edneas de Transmisi\u00f3n<\/a><\/li>\n<li><span style=\"color: #008000;\">Cap\u00edtulo 5. Gu\u00edas de Onda (Objetivo #06Q3 2026)\u00a0<\/span><\/li>\n<li><span style=\"color: #008000;\">Cap\u00edtulo 6. Radiaci\u00f3n (Objetivo #06Q3 2026)<\/span><\/li>\n<\/ul>\n<p><strong>Problemas resueltos<\/strong><\/p>\n<ul>\n<li><a href=\"https:\/\/blogsaverroes.micd.es\/atmuntenas\/wp-content\/uploads\/sites\/2\/2026\/07\/Problemas-Ondas-Planas-Resuelto.pdf\">Problemas Ondas Planas Resuelto<\/a><\/li>\n<li><a href=\"https:\/\/blogsaverroes.micd.es\/atmuntenas\/wp-content\/uploads\/sites\/2\/2026\/07\/Problemas-Lineas-de-Transmision-Resuelto.pdf\">Problemas L\u00edneas de Transmisi\u00f3n Resuelto<\/a><\/li>\n<li><a href=\"https:\/\/blogsaverroes.micd.es\/atmuntenas\/wp-content\/uploads\/sites\/2\/2026\/07\/Problemas-Guias-de-Onda-Resuelto.pdf\">Problemas Gu\u00edas de Onda Resuelto<\/a><\/li>\n<li><a href=\"https:\/\/blogsaverroes.micd.es\/atmuntenas\/wp-content\/uploads\/sites\/2\/2026\/07\/Problemas-Radiacion-Resuelto.pdf\">Problemas Radiacion Resuelto<\/a><\/li>\n<\/ul>\n<p><strong>Recursos complementarios<\/strong><\/p>\n<ul>\n<li><a href=\"https:\/\/blogsaverroes.micd.es\/atmuntenas\/wp-content\/uploads\/sites\/2\/2026\/07\/FORMULARIO-CURSO-2025-2026.pdf\">FORMULARIO CURSO 2025-2026<\/a><\/li>\n<\/ul>\n<h3 style=\"text-align: center;\">SISTEMAS TELEM\u00c1TICOS<\/h3>\n<p><strong>Teor\u00eda de la asignatura<\/strong><\/p>\n<ul>\n<li><a href=\"https:\/\/blogsaverroes.micd.es\/atmuntenas\/wp-content\/uploads\/sites\/2\/2026\/07\/TEMA-1-Introduccion-a-los-servicios-y-redes-de-comunicacion.pdf\">TEMA 1 &#8211; Introducci\u00f3n a los servicios y redes de comunicaci\u00f3n<\/a><\/li>\n<li><a href=\"https:\/\/blogsaverroes.micd.es\/atmuntenas\/wp-content\/uploads\/sites\/2\/2026\/07\/TEMA-2-Arquitectura-basica-de-las-redes-de-comunicaciones.pdf\">TEMA 2 &#8211; Arquitectura b\u00e1sica de las redes de comunicaciones<\/a><\/li>\n<li><a href=\"https:\/\/blogsaverroes.micd.es\/atmuntenas\/wp-content\/uploads\/sites\/2\/2026\/07\/TEMA-3-Servicios-Transversales.pdf\">TEMA 3 &#8211; Servicios Transversales<\/a><\/li>\n<li><a href=\"https:\/\/blogsaverroes.micd.es\/atmuntenas\/wp-content\/uploads\/sites\/2\/2026\/07\/TEMA-4-Servicios-Conversacionales.pdf\">TEMA 4 &#8211; Servicios Conversacionales<\/a><\/li>\n<li><span style=\"color: #ff0000;\">TEMA 5 &#8211; Servicios de Acceso a la Informaci\u00f3n (pr\u00f3ximamente)<\/span><\/li>\n<\/ul>\n<h3 style=\"text-align: center;\">TEOR\u00cdA DE LA COMUNICACI\u00d3N<\/h3>\n<p><span style=\"color: #ff0000;\"><strong>Teor\u00eda de la asignatura<\/strong><\/span><\/p>\n<p><span style=\"color: #008000;\">Est\u00e1 pendiente por realizar, forma parte del objetivo #07Q3 del a\u00f1o 2027.<\/span><\/p>\n<p><strong>Ejercicios resueltos<\/strong><\/p>\n<ul>\n<li><a href=\"https:\/\/blogsaverroes.micd.es\/atmuntenas\/wp-content\/uploads\/sites\/2\/2026\/08\/Ejercicios-REPASO-Resueltos.pdf\">Ejercicios REPASO Resueltos<\/a><\/li>\n<li><a href=\"https:\/\/blogsaverroes.micd.es\/atmuntenas\/wp-content\/uploads\/sites\/2\/2026\/08\/Problemas-Fuentes-Resueltos.pdf\">Problemas Fuentes Resueltos<\/a><\/li>\n<li><a href=\"https:\/\/blogsaverroes.micd.es\/atmuntenas\/wp-content\/uploads\/sites\/2\/2026\/08\/Problemas-Procesos-Aleatorios-Resueltos.pdf\">Problemas Procesos Aleatorios Resueltos<\/a><\/li>\n<\/ul>\n<p><strong>Pr\u00e1cticas resueltas (y documentadas)<\/strong><\/p>\n<p>Estos apuntes los realic\u00e9 directamente desde MATLAB gracias a sus maravillosos archivos .mlx, que se parecen a los Jupyter Notebooks.<\/p>\n<ul>\n<li><em><span style=\"text-decoration: underline;\">Pr\u00e1ctica 1:<\/span><\/em>\n<ul>\n<li><a href=\"https:\/\/blogsaverroes.micd.es\/atmuntenas\/wp-content\/uploads\/sites\/2\/2026\/08\/Practica-1.-Parte-1-v3.0.pdf\">Pr\u00e1ctica 1. Parte 1 (v3.0)<\/a><\/li>\n<li><span style=\"color: #008000;\">Pr\u00e1ctica 1. Parte 2 (Objetivo #07Q3 2027)<\/span><\/li>\n<li><span style=\"color: #008000;\">Pr\u00e1ctica 1. Parte 3 (Objetivo #07Q3 2027)<\/span><\/li>\n<\/ul>\n<\/li>\n<li><span style=\"text-decoration: underline;\"><em>Pr\u00e1ctica 2:<\/em><\/span>\n<ul>\n<li><a href=\"https:\/\/blogsaverroes.micd.es\/atmuntenas\/wp-content\/uploads\/sites\/2\/2026\/08\/Practica-2.-Parte-1-v3.0.pdf\">Pr\u00e1ctica 2. Parte 1 (v3.0)<\/a><\/li>\n<li><a href=\"https:\/\/blogsaverroes.micd.es\/atmuntenas\/wp-content\/uploads\/sites\/2\/2026\/08\/Practica-2.-Parte-2-v1.2.pdf\">Pr\u00e1ctica 2. Parte 2 (v1.2)<\/a><\/li>\n<li><a href=\"https:\/\/blogsaverroes.micd.es\/atmuntenas\/wp-content\/uploads\/sites\/2\/2026\/08\/Practica-2.-Parte-2-Anexo-I-v1.0.pdf\">Pr\u00e1ctica 2. Parte 2 &#8211; Anexo I (v1.0)<\/a><\/li>\n<\/ul>\n<\/li>\n<\/ul>\n","protected":false},"excerpt":{"rendered":"<p>Bienvenido a mi repositorio de apuntes que he ido creando mientras estudiaba la Ingenier\u00eda de Tecnolog\u00edas de Telecomunicaciones en la Universidad de Granada. Si bien es cierto que los publico en mi perfil de Wuolah, aqu\u00ed puedes descargarlo de forma &hellip; <a href=\"https:\/\/blogsaverroes.micd.es\/atmuntenas\/apuntes-para-teleco\/\">Sigue leyendo <span class=\"meta-nav\">&rarr;<\/span><\/a><\/p>\n","protected":false},"author":1,"featured_media":0,"parent":0,"menu_order":0,"comment_status":"closed","ping_status":"closed","template":"","meta":{"footnotes":""},"class_list":["post-98","page","type-page","status-publish","hentry"],"_links":{"self":[{"href":"https:\/\/blogsaverroes.micd.es\/atmuntenas\/wp-json\/wp\/v2\/pages\/98","targetHints":{"allow":["GET"]}}],"collection":[{"href":"https:\/\/blogsaverroes.micd.es\/atmuntenas\/wp-json\/wp\/v2\/pages"}],"about":[{"href":"https:\/\/blogsaverroes.micd.es\/atmuntenas\/wp-json\/wp\/v2\/types\/page"}],"author":[{"embeddable":true,"href":"https:\/\/blogsaverroes.micd.es\/atmuntenas\/wp-json\/wp\/v2\/users\/1"}],"replies":[{"embeddable":true,"href":"https:\/\/blogsaverroes.micd.es\/atmuntenas\/wp-json\/wp\/v2\/comments?post=98"}],"version-history":[{"count":0,"href":"https:\/\/blogsaverroes.micd.es\/atmuntenas\/wp-json\/wp\/v2\/pages\/98\/revisions"}],"wp:attachment":[{"href":"https:\/\/blogsaverroes.micd.es\/atmuntenas\/wp-json\/wp\/v2\/media?parent=98"}],"curies":[{"name":"wp","href":"https:\/\/api.w.org\/{rel}","templated":true}]}}